{"id":313,"date":"2020-03-20T13:02:38","date_gmt":"2020-03-20T13:02:38","guid":{"rendered":"https:\/\/juliovilagrasa.com\/notes-informatives\/"},"modified":"2020-06-09T15:31:09","modified_gmt":"2020-06-09T15:31:09","slug":"notas-informativas","status":"publish","type":"page","link":"https:\/\/juliovilagrasa.com\/es\/notas-informativas\/","title":{"rendered":"Notas informativas"},"content":{"rendered":"\t\t<div data-elementor-type=\"wp-page\" data-elementor-id=\"313\" class=\"elementor elementor-313 elementor-181\">\n\t\t\t\t\t\t<div class=\"elementor-inner\">\n\t\t\t\t<div class=\"elementor-section-wrap\">\n\t\t\t\t\t\t\t\t\t<section class=\"elementor-section elementor-top-section elementor-element elementor-element-4125ef1 elementor-section-boxed elementor-section-height-default elementor-section-height-default\" data-id=\"4125ef1\" data-element_type=\"section\">\n\t\t\t\t\t\t<div class=\"elementor-container elementor-column-gap-default\">\n\t\t\t\t\t\t\t<div class=\"elementor-row\">\n\t\t\t\t\t<div class=\"elementor-column elementor-col-100 elementor-top-column elementor-element elementor-element-fdcc09a\" data-id=\"fdcc09a\" data-element_type=\"column\">\n\t\t\t<div class=\"elementor-column-wrap elementor-element-populated\">\n\t\t\t\t\t\t\t<div class=\"elementor-widget-wrap\">\n\t\t\t\t\t\t<div class=\"elementor-element elementor-element-6935cab elementor-posts--align-left elementor-grid-3 elementor-grid-tablet-2 elementor-grid-mobile-1 elementor-posts--thumbnail-top elementor-card-shadow-yes elementor-posts__hover-gradient elementor-widget elementor-widget-posts\" data-id=\"6935cab\" data-element_type=\"widget\" data-settings=\"{&quot;cards_masonry&quot;:&quot;yes&quot;,&quot;cards_row_gap&quot;:{&quot;unit&quot;:&quot;px&quot;,&quot;size&quot;:15,&quot;sizes&quot;:[]},&quot;cards_columns&quot;:&quot;3&quot;,&quot;cards_columns_tablet&quot;:&quot;2&quot;,&quot;cards_columns_mobile&quot;:&quot;1&quot;,&quot;cards_row_gap_tablet&quot;:{&quot;unit&quot;:&quot;px&quot;,&quot;size&quot;:&quot;&quot;,&quot;sizes&quot;:[]},&quot;cards_row_gap_mobile&quot;:{&quot;unit&quot;:&quot;px&quot;,&quot;size&quot;:&quot;&quot;,&quot;sizes&quot;:[]}}\" data-widget_type=\"posts.cards\">\n\t\t\t\t<div class=\"elementor-widget-container\">\n\t\t\t\t\t<div class=\"elementor-posts-container elementor-posts elementor-posts--skin-cards elementor-grid\">\n\t\t\t\t<article class=\"elementor-post elementor-grid-item post-551 post type-post status-publish format-standard hentry category-estado-alarma-covid-19\">\n\t\t\t<div class=\"elementor-post__card\">\n\t\t\t\t<div class=\"elementor-post__text\">\n\t\t\t\t<h3 class=\"elementor-post__title\">\n\t\t\t<a href=\"https:\/\/juliovilagrasa.com\/es\/2020\/06\/05\/modificacion-de-plazos-de-formulacion-verificacion-y-aprobacion-de-cuentas-anuales-afectacion-en-el-impuesto-de-sociedades\/\" target=&quot;_blank&quot;>\n\t\t\t\tMODIFICACIO\u0301N DE PLAZOS DE FORMULACIO\u0301N, VERIFICACIO\u0301N Y APROBACIO\u0301N DE CUENTAS ANUALES. AFECTACIO\u0301N EN EL IMPUESTO DE SOCIEDADES\t\t\t<\/a>\n\t\t<\/h3>\n\t\t\n\t\t<a class=\"elementor-post__read-more\" href=\"https:\/\/juliovilagrasa.com\/es\/2020\/06\/05\/modificacion-de-plazos-de-formulacion-verificacion-y-aprobacion-de-cuentas-anuales-afectacion-en-el-impuesto-de-sociedades\/\" aria-label=\"M\u00e1s informaci\u00f3n sobre MODIFICACIO\u0301N DE PLAZOS DE FORMULACIO\u0301N, VERIFICACIO\u0301N Y APROBACIO\u0301N DE CUENTAS ANUALES. AFECTACIO\u0301N EN EL IMPUESTO DE SOCIEDADES\" target=\"_blank\">\n\t\t\tLeer &gt;\t\t<\/a>\n\n\t\t\t\t<\/div>\n\t\t\t\t<div class=\"elementor-post__meta-data\">\n\t\t\t\t\t<span class=\"elementor-post-date\">\n\t\t\t5 junio, 2020\t\t<\/span>\n\t\t\t\t<\/div>\n\t\t\t\t\t<\/div>\n\t\t<\/article>\n\t\t\t\t<article class=\"elementor-post elementor-grid-item post-542 post type-post status-publish format-standard hentry category-estado-alarma-covid-19\">\n\t\t\t<div class=\"elementor-post__card\">\n\t\t\t\t<div class=\"elementor-post__text\">\n\t\t\t\t<h3 class=\"elementor-post__title\">\n\t\t\t<a href=\"https:\/\/juliovilagrasa.com\/es\/2020\/05\/22\/disposiciones-de-ultima-voluntad-con-caracter-unipersonal-el-testamento-y-otras-disposiciones-de-ultima-voluntad-complementarias\/\" target=&quot;_blank&quot;>\n\t\t\t\tDISPOSICIONES DE \u00daLTIMA VOLUNTAD CON CAR\u00c1CTER UNIPERSONAL. EL TESTAMENTO Y OTRAS DISPOSICIONES DE \u00daLTIMA VOLUNTAD COMPLEMENTARIAS.\t\t\t<\/a>\n\t\t<\/h3>\n\t\t\n\t\t<a class=\"elementor-post__read-more\" href=\"https:\/\/juliovilagrasa.com\/es\/2020\/05\/22\/disposiciones-de-ultima-voluntad-con-caracter-unipersonal-el-testamento-y-otras-disposiciones-de-ultima-voluntad-complementarias\/\" aria-label=\"M\u00e1s informaci\u00f3n sobre DISPOSICIONES DE \u00daLTIMA VOLUNTAD CON CAR\u00c1CTER UNIPERSONAL. EL TESTAMENTO Y OTRAS DISPOSICIONES DE \u00daLTIMA VOLUNTAD COMPLEMENTARIAS.\" target=\"_blank\">\n\t\t\tLeer &gt;\t\t<\/a>\n\n\t\t\t\t<\/div>\n\t\t\t\t<div class=\"elementor-post__meta-data\">\n\t\t\t\t\t<span class=\"elementor-post-date\">\n\t\t\t22 mayo, 2020\t\t<\/span>\n\t\t\t\t<\/div>\n\t\t\t\t\t<\/div>\n\t\t<\/article>\n\t\t\t\t<article class=\"elementor-post elementor-grid-item post-531 post type-post status-publish format-standard hentry category-estado-alarma-covid-19\">\n\t\t\t<div class=\"elementor-post__card\">\n\t\t\t\t<div class=\"elementor-post__text\">\n\t\t\t\t<h3 class=\"elementor-post__title\">\n\t\t\t<a href=\"https:\/\/juliovilagrasa.com\/es\/2020\/05\/12\/modificaciones-tributarias-al-impuesto-de-sucesiones-y-donaciones-y-el-impuesto-de-transmisiones-patrimoniales-y-actos-juridicos-documentados\/\" target=&quot;_blank&quot;>\n\t\t\t\tMODIFICACIONES TRIBUTARIAS AL IMPUESTO DE SUCESIONES Y DONACIONES Y EL IMPUESTO DE TRANSMISIONES PATRIMONIALES Y ACTOS JUR\u00cdDICOS DOCUMENTADOS\t\t\t<\/a>\n\t\t<\/h3>\n\t\t\n\t\t<a class=\"elementor-post__read-more\" href=\"https:\/\/juliovilagrasa.com\/es\/2020\/05\/12\/modificaciones-tributarias-al-impuesto-de-sucesiones-y-donaciones-y-el-impuesto-de-transmisiones-patrimoniales-y-actos-juridicos-documentados\/\" aria-label=\"M\u00e1s informaci\u00f3n sobre MODIFICACIONES TRIBUTARIAS AL IMPUESTO DE SUCESIONES Y DONACIONES Y EL IMPUESTO DE TRANSMISIONES PATRIMONIALES Y ACTOS JUR\u00cdDICOS DOCUMENTADOS\" target=\"_blank\">\n\t\t\tLeer &gt;\t\t<\/a>\n\n\t\t\t\t<\/div>\n\t\t\t\t<div class=\"elementor-post__meta-data\">\n\t\t\t\t\t<span class=\"elementor-post-date\">\n\t\t\t12 mayo, 2020\t\t<\/span>\n\t\t\t\t<\/div>\n\t\t\t\t\t<\/div>\n\t\t<\/article>\n\t\t\t\t<article class=\"elementor-post elementor-grid-item post-522 post type-post status-publish format-standard hentry category-estado-alarma-covid-19\">\n\t\t\t<div class=\"elementor-post__card\">\n\t\t\t\t<div class=\"elementor-post__text\">\n\t\t\t\t<h3 class=\"elementor-post__title\">\n\t\t\t<a href=\"https:\/\/juliovilagrasa.com\/es\/2020\/05\/08\/real-decreto-legislativo-1-2020-de-5-de-mayo-por-el-que-se-aprueba-el-texto-refundido-de-la-ley-concursal-reordenacion-de-los-procedimentos-preconcursales\/\" target=&quot;_blank&quot;>\n\t\t\t\tREAL DECRETO LEGISLATIVO 1\/2020, DE 5 DE MAYO, POR EL QUE SE APRUEBA EL TEXTO REFUNDIDO DE LA LEY CONCURSAL. REORDENACI\u00d3N DE LOS PROCEDIMENTOS PRECONCURSALES\t\t\t<\/a>\n\t\t<\/h3>\n\t\t\n\t\t<a class=\"elementor-post__read-more\" href=\"https:\/\/juliovilagrasa.com\/es\/2020\/05\/08\/real-decreto-legislativo-1-2020-de-5-de-mayo-por-el-que-se-aprueba-el-texto-refundido-de-la-ley-concursal-reordenacion-de-los-procedimentos-preconcursales\/\" aria-label=\"M\u00e1s informaci\u00f3n sobre REAL DECRETO LEGISLATIVO 1\/2020, DE 5 DE MAYO, POR EL QUE SE APRUEBA EL TEXTO REFUNDIDO DE LA LEY CONCURSAL. REORDENACI\u00d3N DE LOS PROCEDIMENTOS PRECONCURSALES\" target=\"_blank\">\n\t\t\tLeer &gt;\t\t<\/a>\n\n\t\t\t\t<\/div>\n\t\t\t\t<div class=\"elementor-post__meta-data\">\n\t\t\t\t\t<span class=\"elementor-post-date\">\n\t\t\t8 mayo, 2020\t\t<\/span>\n\t\t\t\t<\/div>\n\t\t\t\t\t<\/div>\n\t\t<\/article>\n\t\t\t\t<article class=\"elementor-post elementor-grid-item post-494 post type-post status-publish format-standard hentry category-estado-alarma-covid-19\">\n\t\t\t<div class=\"elementor-post__card\">\n\t\t\t\t<div class=\"elementor-post__text\">\n\t\t\t\t<h3 class=\"elementor-post__title\">\n\t\t\t<a href=\"https:\/\/juliovilagrasa.com\/es\/2020\/04\/23\/medidas-tributarias-complementarias-para-apoyar-la-economia-y-el-empleo\/\" target=&quot;_blank&quot;>\n\t\t\t\tMEDIDAS TRIBUTARIAS COMPLEMENTARIAS PARA APOYAR LA ECONOM\u00cdA Y EL EMPLEO\t\t\t<\/a>\n\t\t<\/h3>\n\t\t\n\t\t<a class=\"elementor-post__read-more\" href=\"https:\/\/juliovilagrasa.com\/es\/2020\/04\/23\/medidas-tributarias-complementarias-para-apoyar-la-economia-y-el-empleo\/\" aria-label=\"M\u00e1s informaci\u00f3n sobre MEDIDAS TRIBUTARIAS COMPLEMENTARIAS PARA APOYAR LA ECONOM\u00cdA Y EL EMPLEO\" target=\"_blank\">\n\t\t\tLeer &gt;\t\t<\/a>\n\n\t\t\t\t<\/div>\n\t\t\t\t<div class=\"elementor-post__meta-data\">\n\t\t\t\t\t<span class=\"elementor-post-date\">\n\t\t\t23 abril, 2020\t\t<\/span>\n\t\t\t\t<\/div>\n\t\t\t\t\t<\/div>\n\t\t<\/article>\n\t\t\t\t<article class=\"elementor-post elementor-grid-item post-504 post type-post status-publish format-standard hentry category-estado-alarma-covid-19\">\n\t\t\t<div class=\"elementor-post__card\">\n\t\t\t\t<div class=\"elementor-post__text\">\n\t\t\t\t<h3 class=\"elementor-post__title\">\n\t\t\t<a href=\"https:\/\/juliovilagrasa.com\/es\/2020\/04\/22\/alternativas-al-concurso-de-acreedores\/\" target=&quot;_blank&quot;>\n\t\t\t\tALTERNATIVAS AL CONCURSO DE ACREEDORES\t\t\t<\/a>\n\t\t<\/h3>\n\t\t\n\t\t<a class=\"elementor-post__read-more\" href=\"https:\/\/juliovilagrasa.com\/es\/2020\/04\/22\/alternativas-al-concurso-de-acreedores\/\" aria-label=\"M\u00e1s informaci\u00f3n sobre ALTERNATIVAS AL CONCURSO DE ACREEDORES\" target=\"_blank\">\n\t\t\tLeer &gt;\t\t<\/a>\n\n\t\t\t\t<\/div>\n\t\t\t\t<div class=\"elementor-post__meta-data\">\n\t\t\t\t\t<span class=\"elementor-post-date\">\n\t\t\t22 abril, 2020\t\t<\/span>\n\t\t\t\t<\/div>\n\t\t\t\t\t<\/div>\n\t\t<\/article>\n\t\t\t\t<article class=\"elementor-post elementor-grid-item post-479 post type-post status-publish format-standard hentry category-estat-alarma-covid-19\">\n\t\t\t<div class=\"elementor-post__card\">\n\t\t\t\t<div class=\"elementor-post__text\">\n\t\t\t\t<h3 class=\"elementor-post__title\">\n\t\t\t<a href=\"https:\/\/juliovilagrasa.com\/es\/2020\/04\/16\/extension-del-plazo-de-presentacion-e-ingreso-de-determinadas-declaraciones-y-autoliquidaciones\/\" target=&quot;_blank&quot;>\n\t\t\t\tExtensi\u00f3n del plazo de presentaci\u00f3n e ingreso de determinadas declaraciones y autoliquidaciones\t\t\t<\/a>\n\t\t<\/h3>\n\t\t\n\t\t<a class=\"elementor-post__read-more\" href=\"https:\/\/juliovilagrasa.com\/es\/2020\/04\/16\/extension-del-plazo-de-presentacion-e-ingreso-de-determinadas-declaraciones-y-autoliquidaciones\/\" aria-label=\"M\u00e1s informaci\u00f3n sobre Extensi\u00f3n del plazo de presentaci\u00f3n e ingreso de determinadas declaraciones y autoliquidaciones\" target=\"_blank\">\n\t\t\tLeer &gt;\t\t<\/a>\n\n\t\t\t\t<\/div>\n\t\t\t\t<div class=\"elementor-post__meta-data\">\n\t\t\t\t\t<span class=\"elementor-post-date\">\n\t\t\t16 abril, 2020\t\t<\/span>\n\t\t\t\t<\/div>\n\t\t\t\t\t<\/div>\n\t\t<\/article>\n\t\t\t\t<article class=\"elementor-post elementor-grid-item post-476 post type-post status-publish format-standard hentry category-estado-alarma-covid-19\">\n\t\t\t<div class=\"elementor-post__card\">\n\t\t\t\t<div class=\"elementor-post__text\">\n\t\t\t\t<h3 class=\"elementor-post__title\">\n\t\t\t<a href=\"https:\/\/juliovilagrasa.com\/es\/2020\/04\/08\/real-decreto%e2%80%90ley-13-2020-de-7-de-abril-por-el-que-se-adoptan-determinadas-medidas-urgentes-en-materia-de-empleo-agrario\/\" target=&quot;_blank&quot;>\n\t\t\t\tReal Decreto\u2010Ley 13\/2020, De 7 de abril, Por el que se adoptan determinadas medidas urgentes en materia de empleo agrario\t\t\t<\/a>\n\t\t<\/h3>\n\t\t\n\t\t<a class=\"elementor-post__read-more\" href=\"https:\/\/juliovilagrasa.com\/es\/2020\/04\/08\/real-decreto%e2%80%90ley-13-2020-de-7-de-abril-por-el-que-se-adoptan-determinadas-medidas-urgentes-en-materia-de-empleo-agrario\/\" aria-label=\"M\u00e1s informaci\u00f3n sobre Real Decreto\u2010Ley 13\/2020, De 7 de abril, Por el que se adoptan determinadas medidas urgentes en materia de empleo agrario\" target=\"_blank\">\n\t\t\tLeer &gt;\t\t<\/a>\n\n\t\t\t\t<\/div>\n\t\t\t\t<div class=\"elementor-post__meta-data\">\n\t\t\t\t\t<span class=\"elementor-post-date\">\n\t\t\t8 abril, 2020\t\t<\/span>\n\t\t\t\t<\/div>\n\t\t\t\t\t<\/div>\n\t\t<\/article>\n\t\t\t\t<article class=\"elementor-post elementor-grid-item post-466 post type-post status-publish format-standard hentry category-estado-alarma-covid-19\">\n\t\t\t<div class=\"elementor-post__card\">\n\t\t\t\t<div class=\"elementor-post__text\">\n\t\t\t\t<h3 class=\"elementor-post__title\">\n\t\t\t<a href=\"https:\/\/juliovilagrasa.com\/es\/2020\/04\/07\/aclaraciones-del-icac-sobre-plazos-para-la-formulacion-verificacion-y-aprobacion-de-las-cuentas-anuales-en-la-gestion-de-la-crisis-del-covid-19\/\" target=&quot;_blank&quot;>\n\t\t\t\tAclaraciones del ICAC sobre plazos para la formulaci\u00f3n, verificaci\u00f3n y aprobaci\u00f3n de las cuentas anuales en la gesti\u00f3n de la crisis del COVID-19\t\t\t<\/a>\n\t\t<\/h3>\n\t\t\n\t\t<a class=\"elementor-post__read-more\" href=\"https:\/\/juliovilagrasa.com\/es\/2020\/04\/07\/aclaraciones-del-icac-sobre-plazos-para-la-formulacion-verificacion-y-aprobacion-de-las-cuentas-anuales-en-la-gestion-de-la-crisis-del-covid-19\/\" aria-label=\"M\u00e1s informaci\u00f3n sobre Aclaraciones del ICAC sobre plazos para la formulaci\u00f3n, verificaci\u00f3n y aprobaci\u00f3n de las cuentas anuales en la gesti\u00f3n de la crisis del COVID-19\" target=\"_blank\">\n\t\t\tLeer &gt;\t\t<\/a>\n\n\t\t\t\t<\/div>\n\t\t\t\t<div class=\"elementor-post__meta-data\">\n\t\t\t\t\t<span class=\"elementor-post-date\">\n\t\t\t7 abril, 2020\t\t<\/span>\n\t\t\t\t<\/div>\n\t\t\t\t\t<\/div>\n\t\t<\/article>\n\t\t\t\t<article class=\"elementor-post elementor-grid-item post-450 post type-post status-publish format-standard hentry category-estado-alarma-covid-19\">\n\t\t\t<div class=\"elementor-post__card\">\n\t\t\t\t<div class=\"elementor-post__text\">\n\t\t\t\t<h3 class=\"elementor-post__title\">\n\t\t\t<a href=\"https:\/\/juliovilagrasa.com\/es\/2020\/04\/02\/tercer-paquete-de-medidas-de-apoyo-en-la-crisis-del-covid-19-pymes-y-autonomos\/\" target=&quot;_blank&quot;>\n\t\t\t\tTercer paquete de medidas de apoyo en la crisis del COVID-19. Pymes y aut\u00f3nomos\t\t\t<\/a>\n\t\t<\/h3>\n\t\t\n\t\t<a class=\"elementor-post__read-more\" href=\"https:\/\/juliovilagrasa.com\/es\/2020\/04\/02\/tercer-paquete-de-medidas-de-apoyo-en-la-crisis-del-covid-19-pymes-y-autonomos\/\" aria-label=\"M\u00e1s informaci\u00f3n sobre Tercer paquete de medidas de apoyo en la crisis del COVID-19. Pymes y aut\u00f3nomos\" target=\"_blank\">\n\t\t\tLeer &gt;\t\t<\/a>\n\n\t\t\t\t<\/div>\n\t\t\t\t<div class=\"elementor-post__meta-data\">\n\t\t\t\t\t<span class=\"elementor-post-date\">\n\t\t\t2 abril, 2020\t\t<\/span>\n\t\t\t\t<\/div>\n\t\t\t\t\t<\/div>\n\t\t<\/article>\n\t\t\t\t<article class=\"elementor-post elementor-grid-item post-444 post type-post status-publish format-standard hentry category-estado-alarma-covid-19\">\n\t\t\t<div class=\"elementor-post__card\">\n\t\t\t\t<div class=\"elementor-post__text\">\n\t\t\t\t<h3 class=\"elementor-post__title\">\n\t\t\t<a href=\"https:\/\/juliovilagrasa.com\/es\/2020\/04\/02\/tercer-paquete-de-medidas-de-apoyo-en-la-crisis-del-covid-19-vivienda\/\" target=&quot;_blank&quot;>\n\t\t\t\tTercer paquete de medidas de apoyo en la crisis del COVID-19. Vivienda\t\t\t<\/a>\n\t\t<\/h3>\n\t\t\n\t\t<a class=\"elementor-post__read-more\" href=\"https:\/\/juliovilagrasa.com\/es\/2020\/04\/02\/tercer-paquete-de-medidas-de-apoyo-en-la-crisis-del-covid-19-vivienda\/\" aria-label=\"M\u00e1s informaci\u00f3n sobre Tercer paquete de medidas de apoyo en la crisis del COVID-19. Vivienda\" target=\"_blank\">\n\t\t\tLeer &gt;\t\t<\/a>\n\n\t\t\t\t<\/div>\n\t\t\t\t<div class=\"elementor-post__meta-data\">\n\t\t\t\t\t<span class=\"elementor-post-date\">\n\t\t\t2 abril, 2020\t\t<\/span>\n\t\t\t\t<\/div>\n\t\t\t\t\t<\/div>\n\t\t<\/article>\n\t\t\t\t<article class=\"elementor-post elementor-grid-item post-422 post type-post status-publish format-standard hentry category-estado-alarma-covid-19\">\n\t\t\t<div class=\"elementor-post__card\">\n\t\t\t\t<div class=\"elementor-post__text\">\n\t\t\t\t<h3 class=\"elementor-post__title\">\n\t\t\t<a href=\"https:\/\/juliovilagrasa.com\/es\/2020\/03\/30\/permiso-retributivo-recuperable\/\" target=&quot;_blank&quot;>\n\t\t\t\tPermiso retributivo recuperable\t\t\t<\/a>\n\t\t<\/h3>\n\t\t\n\t\t<a class=\"elementor-post__read-more\" href=\"https:\/\/juliovilagrasa.com\/es\/2020\/03\/30\/permiso-retributivo-recuperable\/\" aria-label=\"M\u00e1s informaci\u00f3n sobre Permiso retributivo recuperable\" target=\"_blank\">\n\t\t\tLeer &gt;\t\t<\/a>\n\n\t\t\t\t<\/div>\n\t\t\t\t<div class=\"elementor-post__meta-data\">\n\t\t\t\t\t<span class=\"elementor-post-date\">\n\t\t\t30 marzo, 2020\t\t<\/span>\n\t\t\t\t<\/div>\n\t\t\t\t\t<\/div>\n\t\t<\/article>\n\t\t\t\t<article class=\"elementor-post elementor-grid-item post-418 post type-post status-publish format-standard hentry category-estado-alarma-covid-19\">\n\t\t\t<div class=\"elementor-post__card\">\n\t\t\t\t<div class=\"elementor-post__text\">\n\t\t\t\t<h3 class=\"elementor-post__title\">\n\t\t\t<a href=\"https:\/\/juliovilagrasa.com\/es\/2020\/03\/27\/condiciones-del-primer-tramo-de-la-linea-de-avales-para-empresas-y-autonomos\/\" target=&quot;_blank&quot;>\n\t\t\t\tCondiciones del primer tramo de la l\u00ednea de avales para empresas y aut\u00f3nomos\t\t\t<\/a>\n\t\t<\/h3>\n\t\t\n\t\t<a class=\"elementor-post__read-more\" href=\"https:\/\/juliovilagrasa.com\/es\/2020\/03\/27\/condiciones-del-primer-tramo-de-la-linea-de-avales-para-empresas-y-autonomos\/\" aria-label=\"M\u00e1s informaci\u00f3n sobre Condiciones del primer tramo de la l\u00ednea de avales para empresas y aut\u00f3nomos\" target=\"_blank\">\n\t\t\tLeer &gt;\t\t<\/a>\n\n\t\t\t\t<\/div>\n\t\t\t\t<div class=\"elementor-post__meta-data\">\n\t\t\t\t\t<span class=\"elementor-post-date\">\n\t\t\t27 marzo, 2020\t\t<\/span>\n\t\t\t\t<\/div>\n\t\t\t\t\t<\/div>\n\t\t<\/article>\n\t\t\t\t<article class=\"elementor-post elementor-grid-item post-409 post type-post status-publish format-standard hentry category-estado-alarma-covid-19\">\n\t\t\t<div class=\"elementor-post__card\">\n\t\t\t\t<div class=\"elementor-post__text\">\n\t\t\t\t<h3 class=\"elementor-post__title\">\n\t\t\t<a href=\"https:\/\/juliovilagrasa.com\/es\/2020\/03\/26\/aprobacion-del-primer-tramo-de-la-linea-de-avales-para-empresas-y-autonomos\/\" target=&quot;_blank&quot;>\n\t\t\t\tAprobaci\u00f3n del primer tramo de la l\u00ednea de avales para empresas y aut\u00f3nomos\t\t\t<\/a>\n\t\t<\/h3>\n\t\t\n\t\t<a class=\"elementor-post__read-more\" href=\"https:\/\/juliovilagrasa.com\/es\/2020\/03\/26\/aprobacion-del-primer-tramo-de-la-linea-de-avales-para-empresas-y-autonomos\/\" aria-label=\"M\u00e1s informaci\u00f3n sobre Aprobaci\u00f3n del primer tramo de la l\u00ednea de avales para empresas y aut\u00f3nomos\" target=\"_blank\">\n\t\t\tLeer &gt;\t\t<\/a>\n\n\t\t\t\t<\/div>\n\t\t\t\t<div class=\"elementor-post__meta-data\">\n\t\t\t\t\t<span class=\"elementor-post-date\">\n\t\t\t26 marzo, 2020\t\t<\/span>\n\t\t\t\t<\/div>\n\t\t\t\t\t<\/div>\n\t\t<\/article>\n\t\t\t\t<article class=\"elementor-post elementor-grid-item post-390 post type-post status-publish format-standard hentry category-estado-alarma-covid-19\">\n\t\t\t<div class=\"elementor-post__card\">\n\t\t\t\t<div class=\"elementor-post__text\">\n\t\t\t\t<h3 class=\"elementor-post__title\">\n\t\t\t<a href=\"https:\/\/juliovilagrasa.com\/es\/2020\/03\/25\/paginas-web-y-proteccion-de-datos\/\" target=&quot;_blank&quot;>\n\t\t\t\tP\u00e1ginas web y protecci\u00f3n de datos\t\t\t<\/a>\n\t\t<\/h3>\n\t\t\n\t\t<a class=\"elementor-post__read-more\" href=\"https:\/\/juliovilagrasa.com\/es\/2020\/03\/25\/paginas-web-y-proteccion-de-datos\/\" aria-label=\"M\u00e1s informaci\u00f3n sobre P\u00e1ginas web y protecci\u00f3n de datos\" target=\"_blank\">\n\t\t\tLeer &gt;\t\t<\/a>\n\n\t\t\t\t<\/div>\n\t\t\t\t<div class=\"elementor-post__meta-data\">\n\t\t\t\t\t<span class=\"elementor-post-date\">\n\t\t\t25 marzo, 2020\t\t<\/span>\n\t\t\t\t<\/div>\n\t\t\t\t\t<\/div>\n\t\t<\/article>\n\t\t\t\t<article class=\"elementor-post elementor-grid-item post-387 post type-post status-publish format-standard hentry category-estado-alarma-covid-19\">\n\t\t\t<div class=\"elementor-post__card\">\n\t\t\t\t<div class=\"elementor-post__text\">\n\t\t\t\t<h3 class=\"elementor-post__title\">\n\t\t\t<a href=\"https:\/\/juliovilagrasa.com\/es\/2020\/03\/25\/nota-informativa-real-decreto%e2%80%90ley-de-medidas-extraordinarias-en-relacion-al-covid%e2%80%9019-en-el-ambito-de-la-contratacion-publica\/\" target=&quot;_blank&quot;>\n\t\t\t\tNota informativa Real Decreto\u2010Ley de medidas extraordinarias en relaci\u00f3n al covid\u201019 en el \u00e1mbito de la contrataci\u00f3n p\u00fablica\t\t\t<\/a>\n\t\t<\/h3>\n\t\t\n\t\t<a class=\"elementor-post__read-more\" href=\"https:\/\/juliovilagrasa.com\/es\/2020\/03\/25\/nota-informativa-real-decreto%e2%80%90ley-de-medidas-extraordinarias-en-relacion-al-covid%e2%80%9019-en-el-ambito-de-la-contratacion-publica\/\" aria-label=\"M\u00e1s informaci\u00f3n sobre Nota informativa Real Decreto\u2010Ley de medidas extraordinarias en relaci\u00f3n al covid\u201019 en el \u00e1mbito de la contrataci\u00f3n p\u00fablica\" target=\"_blank\">\n\t\t\tLeer &gt;\t\t<\/a>\n\n\t\t\t\t<\/div>\n\t\t\t\t<div class=\"elementor-post__meta-data\">\n\t\t\t\t\t<span class=\"elementor-post-date\">\n\t\t\t25 marzo, 2020\t\t<\/span>\n\t\t\t\t<\/div>\n\t\t\t\t\t<\/div>\n\t\t<\/article>\n\t\t\t\t<article class=\"elementor-post elementor-grid-item post-266 post type-post status-publish format-standard hentry category-ambit-administratiu-es category-estado-alarma-covid-19\">\n\t\t\t<div class=\"elementor-post__card\">\n\t\t\t\t<div class=\"elementor-post__text\">\n\t\t\t\t<h3 class=\"elementor-post__title\">\n\t\t\t<a href=\"https:\/\/juliovilagrasa.com\/es\/2020\/03\/20\/efectos-del-covid-19-en-contratos-y-relaciones-comerciales\/\" target=&quot;_blank&quot;>\n\t\t\t\tEfectos del COVID-19 en contratos y relaciones comerciales\t\t\t<\/a>\n\t\t<\/h3>\n\t\t\n\t\t<a class=\"elementor-post__read-more\" href=\"https:\/\/juliovilagrasa.com\/es\/2020\/03\/20\/efectos-del-covid-19-en-contratos-y-relaciones-comerciales\/\" aria-label=\"M\u00e1s informaci\u00f3n sobre Efectos del COVID-19 en contratos y relaciones comerciales\" target=\"_blank\">\n\t\t\tLeer &gt;\t\t<\/a>\n\n\t\t\t\t<\/div>\n\t\t\t\t<div class=\"elementor-post__meta-data\">\n\t\t\t\t\t<span class=\"elementor-post-date\">\n\t\t\t20 marzo, 2020\t\t<\/span>\n\t\t\t\t<\/div>\n\t\t\t\t\t<\/div>\n\t\t<\/article>\n\t\t\t\t<article class=\"elementor-post elementor-grid-item post-268 post type-post status-publish format-standard hentry category-ambit-financer-es category-estado-alarma-covid-19\">\n\t\t\t<div class=\"elementor-post__card\">\n\t\t\t\t<div class=\"elementor-post__text\">\n\t\t\t\t<h3 class=\"elementor-post__title\">\n\t\t\t<a href=\"https:\/\/juliovilagrasa.com\/es\/2020\/03\/19\/estado-de-alarma-moratoria-para-los-deudores-hipotecarios\/\" target=&quot;_blank&quot;>\n\t\t\t\tEstado de alarma. Moratoria para los deudores hipotecarios\t\t\t<\/a>\n\t\t<\/h3>\n\t\t\n\t\t<a class=\"elementor-post__read-more\" href=\"https:\/\/juliovilagrasa.com\/es\/2020\/03\/19\/estado-de-alarma-moratoria-para-los-deudores-hipotecarios\/\" aria-label=\"M\u00e1s informaci\u00f3n sobre Estado de alarma. Moratoria para los deudores hipotecarios\" target=\"_blank\">\n\t\t\tLeer &gt;\t\t<\/a>\n\n\t\t\t\t<\/div>\n\t\t\t\t<div class=\"elementor-post__meta-data\">\n\t\t\t\t\t<span class=\"elementor-post-date\">\n\t\t\t19 marzo, 2020\t\t<\/span>\n\t\t\t\t<\/div>\n\t\t\t\t\t<\/div>\n\t\t<\/article>\n\t\t\t\t<article class=\"elementor-post elementor-grid-item post-281 post type-post status-publish format-standard hentry category-estado-alarma-covid-19 category-general-es\">\n\t\t\t<div class=\"elementor-post__card\">\n\t\t\t\t<div class=\"elementor-post__text\">\n\t\t\t\t<h3 class=\"elementor-post__title\">\n\t\t\t<a href=\"https:\/\/juliovilagrasa.com\/es\/2020\/03\/19\/prestacion-extraordinaria-por-cese-de-la-actividad-de-afectados-por-la-declaracion-de-estado-de-alarma\/\" target=&quot;_blank&quot;>\n\t\t\t\tPrestaci\u00f3n extraordinaria por cese de la actividad de afectados por la declaraci\u00f3n de estado de alarma\t\t\t<\/a>\n\t\t<\/h3>\n\t\t\n\t\t<a class=\"elementor-post__read-more\" href=\"https:\/\/juliovilagrasa.com\/es\/2020\/03\/19\/prestacion-extraordinaria-por-cese-de-la-actividad-de-afectados-por-la-declaracion-de-estado-de-alarma\/\" aria-label=\"M\u00e1s informaci\u00f3n sobre Prestaci\u00f3n extraordinaria por cese de la actividad de afectados por la declaraci\u00f3n de estado de alarma\" target=\"_blank\">\n\t\t\tLeer &gt;\t\t<\/a>\n\n\t\t\t\t<\/div>\n\t\t\t\t<div class=\"elementor-post__meta-data\">\n\t\t\t\t\t<span class=\"elementor-post-date\">\n\t\t\t19 marzo, 2020\t\t<\/span>\n\t\t\t\t<\/div>\n\t\t\t\t\t<\/div>\n\t\t<\/article>\n\t\t\t\t<article class=\"elementor-post elementor-grid-item post-269 post type-post status-publish format-standard hentry category-estado-alarma-covid-19 category-general-es\">\n\t\t\t<div class=\"elementor-post__card\">\n\t\t\t\t<div class=\"elementor-post__text\">\n\t\t\t\t<h3 class=\"elementor-post__title\">\n\t\t\t<a href=\"https:\/\/juliovilagrasa.com\/es\/2020\/03\/19\/modificacion-aclaracion-en-relacion-a-la-suspension-de-plazos-en-el-ambito-tributario\/\" target=&quot;_blank&quot;>\n\t\t\t\tModificaci\u00f3n \/ aclaraci\u00f3n en relaci\u00f3n a la suspensi\u00f3n de plazos en el \u00e1mbito tributario\t\t\t<\/a>\n\t\t<\/h3>\n\t\t\n\t\t<a class=\"elementor-post__read-more\" href=\"https:\/\/juliovilagrasa.com\/es\/2020\/03\/19\/modificacion-aclaracion-en-relacion-a-la-suspension-de-plazos-en-el-ambito-tributario\/\" aria-label=\"M\u00e1s informaci\u00f3n sobre Modificaci\u00f3n \/ aclaraci\u00f3n en relaci\u00f3n a la suspensi\u00f3n de plazos en el \u00e1mbito tributario\" target=\"_blank\">\n\t\t\tLeer &gt;\t\t<\/a>\n\n\t\t\t\t<\/div>\n\t\t\t\t<div class=\"elementor-post__meta-data\">\n\t\t\t\t\t<span class=\"elementor-post-date\">\n\t\t\t19 marzo, 2020\t\t<\/span>\n\t\t\t\t<\/div>\n\t\t\t\t\t<\/div>\n\t\t<\/article>\n\t\t\t\t<article class=\"elementor-post elementor-grid-item post-270 post type-post status-publish format-standard hentry category-estado-alarma-covid-19 category-general-es\">\n\t\t\t<div class=\"elementor-post__card\">\n\t\t\t\t<div class=\"elementor-post__text\">\n\t\t\t\t<h3 class=\"elementor-post__title\">\n\t\t\t<a href=\"https:\/\/juliovilagrasa.com\/es\/2020\/03\/18\/nota-informativa-real-decreto-ley-de-medidas-extraordinarias-en-relacion-al-covid-19-en-el-ambito-laboral\/\" target=&quot;_blank&quot;>\n\t\t\t\tNota informativa Real Decreto-Ley de medidas extraordinarias en relaci\u00f3n al COVID-19 en el \u00e1mbito laboral\t\t\t<\/a>\n\t\t<\/h3>\n\t\t\n\t\t<a class=\"elementor-post__read-more\" href=\"https:\/\/juliovilagrasa.com\/es\/2020\/03\/18\/nota-informativa-real-decreto-ley-de-medidas-extraordinarias-en-relacion-al-covid-19-en-el-ambito-laboral\/\" aria-label=\"M\u00e1s informaci\u00f3n sobre Nota informativa Real Decreto-Ley de medidas extraordinarias en relaci\u00f3n al COVID-19 en el \u00e1mbito laboral\" target=\"_blank\">\n\t\t\tLeer &gt;\t\t<\/a>\n\n\t\t\t\t<\/div>\n\t\t\t\t<div class=\"elementor-post__meta-data\">\n\t\t\t\t\t<span class=\"elementor-post-date\">\n\t\t\t18 marzo, 2020\t\t<\/span>\n\t\t\t\t<\/div>\n\t\t\t\t\t<\/div>\n\t\t<\/article>\n\t\t\t\t<article class=\"elementor-post elementor-grid-item post-271 post type-post status-publish format-standard hentry category-ambit-financer-es category-estado-alarma-covid-19\">\n\t\t\t<div class=\"elementor-post__card\">\n\t\t\t\t<div class=\"elementor-post__text\">\n\t\t\t\t<h3 class=\"elementor-post__title\">\n\t\t\t<a href=\"https:\/\/juliovilagrasa.com\/es\/2020\/03\/18\/nota-informativa-real-decreto-ley-de-medidas-extraordinarias-en-relacion-al-covid-19-en-el-ambito-financiero\/\" target=&quot;_blank&quot;>\n\t\t\t\tNota informativa Real Decreto-Ley de medidas extraordinarias en relaci\u00f3n al COVID-19 en el \u00e1mbito financiero\t\t\t<\/a>\n\t\t<\/h3>\n\t\t\n\t\t<a class=\"elementor-post__read-more\" href=\"https:\/\/juliovilagrasa.com\/es\/2020\/03\/18\/nota-informativa-real-decreto-ley-de-medidas-extraordinarias-en-relacion-al-covid-19-en-el-ambito-financiero\/\" aria-label=\"M\u00e1s informaci\u00f3n sobre Nota informativa Real Decreto-Ley de medidas extraordinarias en relaci\u00f3n al COVID-19 en el \u00e1mbito financiero\" target=\"_blank\">\n\t\t\tLeer &gt;\t\t<\/a>\n\n\t\t\t\t<\/div>\n\t\t\t\t<div class=\"elementor-post__meta-data\">\n\t\t\t\t\t<span class=\"elementor-post-date\">\n\t\t\t18 marzo, 2020\t\t<\/span>\n\t\t\t\t<\/div>\n\t\t\t\t\t<\/div>\n\t\t<\/article>\n\t\t\t\t<article class=\"elementor-post elementor-grid-item post-272 post type-post status-publish format-standard hentry category-ambit-administratiu-es category-estado-alarma-covid-19\">\n\t\t\t<div class=\"elementor-post__card\">\n\t\t\t\t<div class=\"elementor-post__text\">\n\t\t\t\t<h3 class=\"elementor-post__title\">\n\t\t\t<a href=\"https:\/\/juliovilagrasa.com\/es\/2020\/03\/18\/formulacion-de-cuentas-anuales-reuniones-de-organs-de-gobierno-y-administracion-durante-el-estado-de-alarma\/\" target=&quot;_blank&quot;>\n\t\t\t\tFormulaci\u00f3n de cuentas anuales. Reuniones de \u00f3rgans de gobierno y administraci\u00f3n durante el estado de alarma\t\t\t<\/a>\n\t\t<\/h3>\n\t\t\n\t\t<a class=\"elementor-post__read-more\" href=\"https:\/\/juliovilagrasa.com\/es\/2020\/03\/18\/formulacion-de-cuentas-anuales-reuniones-de-organs-de-gobierno-y-administracion-durante-el-estado-de-alarma\/\" aria-label=\"M\u00e1s informaci\u00f3n sobre Formulaci\u00f3n de cuentas anuales. Reuniones de \u00f3rgans de gobierno y administraci\u00f3n durante el estado de alarma\" target=\"_blank\">\n\t\t\tLeer &gt;\t\t<\/a>\n\n\t\t\t\t<\/div>\n\t\t\t\t<div class=\"elementor-post__meta-data\">\n\t\t\t\t\t<span class=\"elementor-post-date\">\n\t\t\t18 marzo, 2020\t\t<\/span>\n\t\t\t\t<\/div>\n\t\t\t\t\t<\/div>\n\t\t<\/article>\n\t\t\t\t<article class=\"elementor-post elementor-grid-item post-274 post type-post status-publish format-standard hentry category-estado-alarma-covid-19 category-general-es\">\n\t\t\t<div class=\"elementor-post__card\">\n\t\t\t\t<div class=\"elementor-post__text\">\n\t\t\t\t<h3 class=\"elementor-post__title\">\n\t\t\t<a href=\"https:\/\/juliovilagrasa.com\/es\/2020\/03\/18\/real-decreto-ley-de-medidas-urgentes-extraordinarias-para-hacer-frente-al-impacto-economico-y-social-del-covid-19-puntos-destacados\/\" target=&quot;_blank&quot;>\n\t\t\t\tReal Decreto-Ley de medidas urgentes extraordinarias para hacer frente al impacto econ\u00f3mico y social del COVID-19. Puntos destacados\t\t\t<\/a>\n\t\t<\/h3>\n\t\t\n\t\t<a class=\"elementor-post__read-more\" href=\"https:\/\/juliovilagrasa.com\/es\/2020\/03\/18\/real-decreto-ley-de-medidas-urgentes-extraordinarias-para-hacer-frente-al-impacto-economico-y-social-del-covid-19-puntos-destacados\/\" aria-label=\"M\u00e1s informaci\u00f3n sobre Real Decreto-Ley de medidas urgentes extraordinarias para hacer frente al impacto econ\u00f3mico y social del COVID-19. Puntos destacados\" target=\"_blank\">\n\t\t\tLeer &gt;\t\t<\/a>\n\n\t\t\t\t<\/div>\n\t\t\t\t<div class=\"elementor-post__meta-data\">\n\t\t\t\t\t<span class=\"elementor-post-date\">\n\t\t\t18 marzo, 2020\t\t<\/span>\n\t\t\t\t<\/div>\n\t\t\t\t\t<\/div>\n\t\t<\/article>\n\t\t\t\t<article class=\"elementor-post elementor-grid-item post-275 post type-post status-publish format-standard hentry category-estado-alarma-covid-19 category-general-es\">\n\t\t\t<div class=\"elementor-post__card\">\n\t\t\t\t<div class=\"elementor-post__text\">\n\t\t\t\t<h3 class=\"elementor-post__title\">\n\t\t\t<a href=\"https:\/\/juliovilagrasa.com\/es\/2020\/03\/17\/principales-novedades-legislativas-hasta-la-fecha-actual-en-materia-fiscal-y-administrativa\/\" target=&quot;_blank&quot;>\n\t\t\t\tPrincipales novedades legislativas hasta la fecha actual en materia fiscal y administrativa\t\t\t<\/a>\n\t\t<\/h3>\n\t\t\n\t\t<a class=\"elementor-post__read-more\" href=\"https:\/\/juliovilagrasa.com\/es\/2020\/03\/17\/principales-novedades-legislativas-hasta-la-fecha-actual-en-materia-fiscal-y-administrativa\/\" aria-label=\"M\u00e1s informaci\u00f3n sobre Principales novedades legislativas hasta la fecha actual en materia fiscal y administrativa\" target=\"_blank\">\n\t\t\tLeer &gt;\t\t<\/a>\n\n\t\t\t\t<\/div>\n\t\t\t\t<div class=\"elementor-post__meta-data\">\n\t\t\t\t\t<span class=\"elementor-post-date\">\n\t\t\t17 marzo, 2020\t\t<\/span>\n\t\t\t\t<\/div>\n\t\t\t\t\t<\/div>\n\t\t<\/article>\n\t\t\t\t<\/div>\n\t\t\n\t\t\t\t<\/div>\n\t\t\t\t<\/div>\n\t\t\t\t\t\t<\/div>\n\t\t\t\t\t<\/div>\n\t\t<\/div>\n\t\t\t\t\t\t\t\t<\/div>\n\t\t\t\t\t<\/div>\n\t\t<\/section>\n\t\t\t\t\t\t\t\t\t<\/div>\n\t\t\t<\/div>\n\t\t\t\t\t<\/div>\n\t\t","protected":false},"excerpt":{"rendered":"","protected":false},"author":1,"featured_media":301,"parent":0,"menu_order":0,"comment_status":"closed","ping_status":"closed","template":"","meta":[],"yoast_head":"<!-- This site is optimized with the Yoast SEO plugin v14.6.1 - https:\/\/yoast.com\/wordpress\/plugins\/seo\/ -->\n<title>Notas informativas | Julio Vilagrasa<\/title>\n<meta name=\"description\" content=\"En este apartado encontrar\u00e1s todas las Notas informativas y comunicados que realizamos des de Julio Vilagrasa y asociados. Temas de actualidad y novedades.\" \/>\n<meta name=\"robots\" content=\"index, follow\" \/>\n<meta name=\"googlebot\" content=\"index, follow, max-snippet:-1, max-image-preview:large, max-video-preview:-1\" \/>\n<meta name=\"bingbot\" content=\"index, follow, max-snippet:-1, max-image-preview:large, max-video-preview:-1\" \/>\n<link rel=\"canonical\" href=\"https:\/\/juliovilagrasa.com\/es\/notas-informativas\/\" \/>\n<meta property=\"og:locale\" content=\"es_ES\" \/>\n<meta property=\"og:type\" content=\"article\" \/>\n<meta property=\"og:title\" content=\"Notas informativas | Julio Vilagrasa\" \/>\n<meta property=\"og:description\" content=\"En este apartado encontrar\u00e1s todas las Notas informativas y comunicados que realizamos des de Julio Vilagrasa y asociados. Temas de actualidad y novedades.\" \/>\n<meta property=\"og:url\" content=\"https:\/\/juliovilagrasa.com\/es\/notas-informativas\/\" \/>\n<meta property=\"og:site_name\" content=\"Julio Vilagrasa\" \/>\n<meta property=\"article:modified_time\" content=\"2020-06-09T15:31:09+00:00\" \/>\n<meta property=\"og:image\" content=\"https:\/\/juliovilagrasa.com\/wp-content\/uploads\/2020\/03\/Julio-vilagrasa-asesores-notas-informativas.jpg\" \/>\n\t<meta property=\"og:image:width\" content=\"1600\" \/>\n\t<meta property=\"og:image:height\" content=\"920\" \/>\n<meta name=\"twitter:card\" content=\"summary_large_image\" \/>\n<script type=\"application\/ld+json\" class=\"yoast-schema-graph\">{\"@context\":\"https:\/\/schema.org\",\"@graph\":[{\"@type\":\"Organization\",\"@id\":\"https:\/\/juliovilagrasa.com\/es\/#organization\",\"name\":\"Julio Vilagrasa y asociados\",\"url\":\"https:\/\/juliovilagrasa.com\/es\/\",\"sameAs\":[\"https:\/\/www.linkedin.com\/company\/vilagrasa-asociados\/about\/\"],\"logo\":{\"@type\":\"ImageObject\",\"@id\":\"https:\/\/juliovilagrasa.com\/es\/#logo\",\"inLanguage\":\"es\",\"url\":\"https:\/\/juliovilagrasa.com\/wp-content\/uploads\/2020\/03\/Julio-Vilagrasa-y-asociados.png\",\"width\":900,\"height\":238,\"caption\":\"Julio Vilagrasa y asociados\"},\"image\":{\"@id\":\"https:\/\/juliovilagrasa.com\/es\/#logo\"}},{\"@type\":\"WebSite\",\"@id\":\"https:\/\/juliovilagrasa.com\/es\/#website\",\"url\":\"https:\/\/juliovilagrasa.com\/es\/\",\"name\":\"Julio Vilagrasa y asociados\",\"description\":\"Advocats i Economistes\",\"publisher\":{\"@id\":\"https:\/\/juliovilagrasa.com\/es\/#organization\"},\"potentialAction\":[{\"@type\":\"SearchAction\",\"target\":\"https:\/\/juliovilagrasa.com\/es\/?s={search_term_string}\",\"query-input\":\"required name=search_term_string\"}],\"inLanguage\":\"es\"},{\"@type\":\"ImageObject\",\"@id\":\"https:\/\/juliovilagrasa.com\/es\/notas-informativas\/#primaryimage\",\"inLanguage\":\"es\",\"url\":\"https:\/\/juliovilagrasa.com\/wp-content\/uploads\/2020\/03\/Julio-vilagrasa-asesores-notas-informativas.jpg\",\"width\":1600,\"height\":920,\"caption\":\"Julio Vilagrasa y asociados, bufete de abogados y economistas de Lleida\"},{\"@type\":\"WebPage\",\"@id\":\"https:\/\/juliovilagrasa.com\/es\/notas-informativas\/#webpage\",\"url\":\"https:\/\/juliovilagrasa.com\/es\/notas-informativas\/\",\"name\":\"Notas informativas | Julio Vilagrasa\",\"isPartOf\":{\"@id\":\"https:\/\/juliovilagrasa.com\/es\/#website\"},\"primaryImageOfPage\":{\"@id\":\"https:\/\/juliovilagrasa.com\/es\/notas-informativas\/#primaryimage\"},\"datePublished\":\"2020-03-20T13:02:38+00:00\",\"dateModified\":\"2020-06-09T15:31:09+00:00\",\"description\":\"En este apartado encontrar\\u00e1s todas las Notas informativas y comunicados que realizamos des de Julio Vilagrasa y asociados. Temas de actualidad y novedades.\",\"inLanguage\":\"es\",\"potentialAction\":[{\"@type\":\"ReadAction\",\"target\":[\"https:\/\/juliovilagrasa.com\/es\/notas-informativas\/\"]}]}]}<\/script>\n<!-- \/ Yoast SEO plugin. -->","_links":{"self":[{"href":"https:\/\/juliovilagrasa.com\/es\/wp-json\/wp\/v2\/pages\/313"}],"collection":[{"href":"https:\/\/juliovilagrasa.com\/es\/wp-json\/wp\/v2\/pages"}],"about":[{"href":"https:\/\/juliovilagrasa.com\/es\/wp-json\/wp\/v2\/types\/page"}],"author":[{"embeddable":true,"href":"https:\/\/juliovilagrasa.com\/es\/wp-json\/wp\/v2\/users\/1"}],"replies":[{"embeddable":true,"href":"https:\/\/juliovilagrasa.com\/es\/wp-json\/wp\/v2\/comments?post=313"}],"version-history":[{"count":4,"href":"https:\/\/juliovilagrasa.com\/es\/wp-json\/wp\/v2\/pages\/313\/revisions"}],"predecessor-version":[{"id":553,"href":"https:\/\/juliovilagrasa.com\/es\/wp-json\/wp\/v2\/pages\/313\/revisions\/553"}],"wp:featuredmedia":[{"embeddable":true,"href":"https:\/\/juliovilagrasa.com\/es\/wp-json\/wp\/v2\/media\/301"}],"wp:attachment":[{"href":"https:\/\/juliovilagrasa.com\/es\/wp-json\/wp\/v2\/media?parent=313"}],"curies":[{"name":"wp","href":"https:\/\/api.w.org\/{rel}","templated":true}]}}